{"id":9599,"date":"2024-03-22T14:29:53","date_gmt":"2024-03-22T13:29:53","guid":{"rendered":"https:\/\/www.parkgest.ch\/?page_id=9599"},"modified":"2025-08-25T22:12:37","modified_gmt":"2025-08-25T21:12:37","slug":"small-city-car-park","status":"publish","type":"page","link":"https:\/\/www.parkgest.ch\/en\/where-to-park\/small-city-car-park\/","title":{"rendered":"Small City car park"},"content":{"rendered":"<div class=\"pkg-block pkg-block--bordered pkg-block-text\">\n<h2>Welcome to Small City car park<\/h2>\n<\/div>\n<p>The Small City car park is part of the Small City centre which, once phase two is completed, will be the first industrial centre in Switzerland with more than 50,000 m2 of surface area dedicated to nine sectors (textiles and accessories, home decor and household items, health and beauty, mobility, catering, food, sport, offices and services). It will have four parking levels (\u20131, \u20132, \u20133, \u20134). Only levels \u20131 and \u20132 will have parking places for Small City visitors.<\/p>\n<div class=\"pkg-block pkg-block--bordered pkg-block-service\">\n<div class=\"service-item\">\n<div class=\"service-item__icon\"><img decoding=\"async\" class=\"img-fluid\" style=\"width: 65px;\" src=\"https:\/\/www.parkgest.ch\/wp-content\/uploads\/290.svg\" alt=\"\" \/><\/div>\n<p>Maximum height 2.90m<br \/>\non level -1<\/p>\n<\/div>\n<div class=\"service-item\">\n<div class=\"service-item__icon\"><img decoding=\"async\" class=\"img-fluid\" style=\"width: 65px;\" src=\"https:\/\/www.parkgest.ch\/wp-content\/uploads\/230.svg\" alt=\"\" \/><\/div>\n<p>Maximum height 2.30m<br \/>\non lower levels<\/p>\n<\/div>\n<\/div>\n<h2>Services<\/h2>\n<div class=\"pkg-block pkg-block--bordered pkg-block-service\">\n<div class=\"service-item\">\n<div class=\"service-item__icon\"><img decoding=\"async\" class=\"img-fluid\" src=\"http:\/\/www.parkgest.ch\/wp-content\/themes\/parkgest\/v2\/images\/svg\/PKG_Open24.svg\" alt=\"\" \/><\/div>\n<p>Open 24\/7<\/p>\n<\/div>\n<\/div>\n<h2>Parking provided<\/h2>\n<div class=\"pkg-block pkg-block--bordered pkg-block-service\">\n<div class=\"service-item\">\n<div class=\"service-item__icon service-item__icon--popover\"><button data-toggle=\"popover\" data-text=\"\" data-link=\"https:\/\/www.parkgest.ch\/en\/spaces-for-physically-handicapped-people\/\" data-placement=\"top\" data-available=\"2\" data-location=\"-1\"><\/button><i class=\"icon-info-with-circle\"><\/i><img decoding=\"async\" class=\"img-fluid\" src=\"http:\/\/www.parkgest.ch\/wp-content\/themes\/parkgest\/v2\/images\/svg\/PKG_wheel-chair.svg\" alt=\"\" \/><\/div>\n<p>Disabled parking spaces<\/p>\n<\/div>\n<div class=\"service-item\">\n<div class=\"service-item__icon service-item__icon--popover\"><button data-toggle=\"popover\" data-text=\"\" data-link=\"\" data-placement=\"top\" data-available=\"25\" data-location=\"-2 \/ -3 \/ -4\"><\/button><i class=\"icon-info-with-circle\"><\/i><img decoding=\"async\" class=\"img-fluid\" src=\"http:\/\/www.parkgest.ch\/wp-content\/themes\/parkgest\/v2\/images\/svg\/PKG_Bike.svg\" alt=\"\" \/><\/div>\n<p>Spaces for motorised two-wheelers<\/p>\n<\/div>\n<\/div>\n<h2>Amenities<\/h2>\n<div class=\"pkg-block pkg-block--bordered pkg-block-service\">\n<div class=\"service-item\">\n<div class=\"service-item__icon\"><img decoding=\"async\" class=\"img-fluid\" style=\"width: 65px;\" src=\"http:\/\/www.parkgest.ch\/wp-content\/themes\/parkgest\/v2\/images\/svg\/Elevator-access.svg\" alt=\"\" \/><\/div>\n<p>Lifts for physically handicapped people<\/p>\n<\/div>\n<div class=\"service-item\">\n<div class=\"service-item__icon\"><img decoding=\"async\" class=\"img-fluid\" src=\"http:\/\/www.parkgest.ch\/wp-content\/themes\/parkgest\/v2\/images\/svg\/PKG_Elevator.svg\" alt=\"\" \/><\/div>\n<p>Lifts<\/p>\n<\/div>\n<div class=\"service-item\">\n<div class=\"service-item__icon\"><img decoding=\"async\" class=\"img-fluid\" src=\"http:\/\/www.parkgest.ch\/wp-content\/themes\/parkgest\/v2\/images\/svg\/PKG_Ticket-Machine-Assist.svg\" alt=\"\" \/><\/div>\n<p>Payment machine for disabled people<\/p>\n<\/div>\n<\/div>\n<h2>Security<\/h2>\n<div class=\"pkg-block pkg-block--bordered pkg-block-service\">\n<div class=\"service-item\">\n<div class=\"service-item__icon\"><img decoding=\"async\" class=\"img-fluid\" src=\"http:\/\/www.parkgest.ch\/wp-content\/themes\/parkgest\/v2\/images\/svg\/PKG_Camera.svg\" alt=\"\" \/><\/div>\n<p>Video-surveillance<\/p>\n<\/div>\n<div class=\"service-item\">\n<div class=\"service-item__icon\"><img decoding=\"async\" class=\"img-fluid\" src=\"http:\/\/www.parkgest.ch\/wp-content\/themes\/parkgest\/v2\/images\/svg\/PKG_Security.svg\" alt=\"\" \/><\/div>\n<p>Day &#038; night patrols<\/p>\n<\/div>\n<div class=\"service-item\">\n<div class=\"service-item__icon\"><img decoding=\"async\" class=\"img-fluid\" style=\"width: 50px;\" src=\"https:\/\/www.parkgest.ch\/wp-content\/themes\/parkgest\/v2\/images\/svg\/pkg-icon-rideau.svg\" alt=\"\" data-src=\"https:\/\/www.parkgest.ch\/wp-content\/themes\/parkgest\/v2\/images\/svg\/pkg-icon-rideau.svg\" \/><\/div>\n<p>Automated gate locking<\/p>\n<\/div>\n<div class=\"service-item\">\n<div class=\"service-item__icon\"><img decoding=\"async\" class=\"img-fluid\" style=\"width: 50px;\" src=\"https:\/\/www.parkgest.ch\/wp-content\/themes\/parkgest\/v2\/images\/svg\/PKG_digicode.svg\" alt=\"\" \/><\/div>\n<p>Access by digital code<\/p>\n<\/div>\n<\/div>\n<h2>Methods of payment<\/h2>\n<div class=\"pkg-block pkg-block--bordered pkg-block-service pkg-block-service-payment\">\n<div class=\"service-item\">\n<div class=\"service-item__icon\"><img decoding=\"async\" class=\"img-fluid\" src=\"http:\/\/www.parkgest.ch\/wp-content\/themes\/parkgest\/v2\/images\/svg\/PKG_Creditcard.svg\" alt=\"\" \/><\/div>\n<p>Cards<\/p>\n<\/div>\n<div class=\"service-item\">\n<div class=\"service-item__icon\"><img decoding=\"async\" class=\"img-fluid\" style=\"width: 47px;\" src=\"http:\/\/www.parkgest.ch\/wp-content\/themes\/parkgest\/v2\/images\/svg\/PKG_contactless payment.png\" alt=\"\" \/><\/div>\n<p>Contactless<\/p>\n<\/div>\n<div class=\"service-item\">\n<div class=\"service-item__icon\"><img decoding=\"async\" class=\"img-fluid\" src=\"http:\/\/www.parkgest.ch\/wp-content\/themes\/parkgest\/v2\/images\/svg\/PKG_Swissfrancs.svg\" alt=\"\" \/><\/div>\n<p>Swiss franc notes and coins<\/p>\n<\/div>\n<div class=\"service-item\">\n<div class=\"service-item__icon\"><img decoding=\"async\" class=\"img-fluid\" src=\"http:\/\/www.parkgest.ch\/wp-content\/themes\/parkgest\/v2\/images\/svg\/PKG_Euro.svg\" alt=\"\" \/><\/div>\n<p>Euro notes<\/p>\n<\/div>\n<div class=\"service-item\">\n<div class=\"service-item__icon\"><img decoding=\"async\" class=\"img-fluid\" src=\"https:\/\/www.parkgest.ch\/wp-content\/uploads\/Twint.svg\" alt=\"\" \/><\/div>\n<p>TWINT<\/p>\n<\/div>\n<\/div>\n<div class=\"pkg-block pkg-block-text\">\n<h2>Restrictions<\/h2>\n<p>The \u2018Small City\u2019 car park is a private, no-smoking area that is opening its doors to the public. It caters exclusively to the paid parking of light motor vehicles (2.5 tonnes maximum) and delivery vehicles accessing it with a time-limited ticket or a permanent access card.<br \/>\nAll vehicles have to be in good working order, powered by electricity or fuel (petrol or diesel), and with a maximum height, including any additions (such as roof boxes, bicycles, antennas), of<\/p>\n<ul>\n<li>2.9 metres for level \u20131;<\/li>\n<li>2.3 metres for lower levels.<\/li>\n<\/ul>\n<p>Three or four-wheeled vehicles, including roadsters and quads, are allowed, as are motorised two-wheeled vehicles.<\/p>\n<p>The use of the following is strictly prohibited:<\/p>\n<ul>\n<li>Vehicles that do not run on electricity, petrol or diesel, specifically this includes vehicles powered by liquid propane gas (LPG), natural gas, butane gas or hydrogen.<\/li>\n<li>Vehicles that have to be towed, including trailers of any kind, including caravans (unless expressly authorised).<\/li>\n<li>Segways, scooters, rollerblades and skateboards.<\/li>\n<\/ul>\n<h3 class=\"toggle\"><strong><a href=\"#\">Hourly access charges<\/a><\/strong><\/h3><div class=\"toggle-box\" style=\"display: none;\"><p>\n<div class=\"table-responsive\"><table  style=\"width:550px; \"  class=\"easy-table easy-table-default \" border=\"0\">\n<thead>\r\n<tr><th  style=\"width:250px;text-align:left\" ><strong>DAY-TIME HOURLY ACCESS FROM 07:00 TO 17:00<\/th>\n<th  style=\"width:200px;text-align:left\" > WORKING DAYS<\/strong><\/th>\n<\/tr>\n<\/thead>\n<tbody>\r\n<tr><td  style=\"text-align:left\" >Time<\/td>\n<td  style=\"text-align:left\" >Hours<\/td>\n<td  style=\"text-align:left\" >Price<\/td>\n<td  style=\"text-align:right\" ><\/td>\n<\/tr>\n\r\n<tr><td  style=\"text-align:left\" >From 00 to 30 minutes<\/td>\n<td  style=\"text-align:left\" ><\/td>\n<td  style=\"text-align:left\" ><\/td>\n<td  style=\"text-align:right\" >free<\/td>\n<\/tr>\n\r\n<tr><td  style=\"text-align:left\" >From 31 to 59 minutes<\/td>\n<td  style=\"text-align:left\" >1 hour<\/td>\n<td  style=\"text-align:left\" >CHF<\/td>\n<td  style=\"text-align:right\" > 1<\/td>\n<\/tr>\n\r\n<tr><td  style=\"text-align:left\" >From 60 to 119 minutes<\/td>\n<td  style=\"text-align:left\" >2 hours<\/td>\n<td  style=\"text-align:left\" >CHF<\/td>\n<td  style=\"text-align:right\" > 2<\/td>\n<\/tr>\n\r\n<tr><td  style=\"text-align:left\" >From 120 to 149 minutes<\/td>\n<td  style=\"text-align:left\" >2 hours 30 minutes<\/td>\n<td  style=\"text-align:left\" >CHF<\/td>\n<td  style=\"text-align:right\" > 3<\/td>\n<\/tr>\n\r\n<tr><td  style=\"text-align:left\" >From 150 to 179 minutes<\/td>\n<td  style=\"text-align:left\" >3 hours<\/td>\n<td  style=\"text-align:left\" >CHF<\/td>\n<td  style=\"text-align:right\" > 4<\/td>\n<\/tr>\n\r\n<tr><td  style=\"text-align:left\" >From 180 to 209 minutes<\/td>\n<td  style=\"text-align:left\" >3 hours 30 minutes<\/td>\n<td  style=\"text-align:left\" >CHF<\/td>\n<td  style=\"text-align:right\" > 5<\/td>\n<\/tr>\n\r\n<tr><td  style=\"text-align:left\" >From 210 to 239 minutes<\/td>\n<td  style=\"text-align:left\" >4 hours<\/td>\n<td  style=\"text-align:left\" >CHF<\/td>\n<td  style=\"text-align:right\" > 6<\/td>\n<\/tr>\n\r\n<tr><td  style=\"text-align:left\" >From 240 to 269 minutes<\/td>\n<td  style=\"text-align:left\" >4 hours 30 minutes<\/td>\n<td  style=\"text-align:left\" >CHF<\/td>\n<td  style=\"text-align:right\" > 8<\/td>\n<\/tr>\n\r\n<tr><td  style=\"text-align:left\" >From 270 to 299 minutes<\/td>\n<td  style=\"text-align:left\" >5 hours<\/td>\n<td  style=\"text-align:left\" >CHF<\/td>\n<td  style=\"text-align:right\" > 10<\/td>\n<\/tr>\n\r\n<tr><td  style=\"text-align:left\" >From 300 to 359 minutes<\/td>\n<td  style=\"text-align:left\" >6 hours<\/td>\n<td  style=\"text-align:left\" >CHF<\/td>\n<td  style=\"text-align:right\" > 13<\/td>\n<\/tr>\n\r\n<tr><td  style=\"text-align:left\" >From 360 to 419 minutes<\/td>\n<td  style=\"text-align:left\" >7 hours<\/td>\n<td  style=\"text-align:left\" >CHF<\/td>\n<td  style=\"text-align:right\" > 16<\/td>\n<\/tr>\n\r\n<tr><td  style=\"text-align:left\" >From 420 to 479 minutes<\/td>\n<td  style=\"text-align:left\" >8 hours<\/td>\n<td  style=\"text-align:left\" >CHF<\/td>\n<td  style=\"text-align:right\" > 19<\/td>\n<\/tr>\n\r\n<tr><td  style=\"text-align:left\" >From 480 to 539 minutes<\/td>\n<td  style=\"text-align:left\" >9 hours<\/td>\n<td  style=\"text-align:left\" >CHF<\/td>\n<td  style=\"text-align:right\" > 22<\/td>\n<\/tr>\n\r\n<tr><td  style=\"text-align:left\" >From 540 to 599 minutes<\/td>\n<td  style=\"text-align:left\" >10 hours<\/td>\n<td  style=\"text-align:left\" >CHF<\/td>\n<td  style=\"text-align:right\" > 25<\/td>\n<\/tr>\n\r\n<tr><td  style=\"text-align:left\" >From 600 to 659 minutes<\/td>\n<td  style=\"text-align:left\" >11 hours<\/td>\n<td  style=\"text-align:left\" >CHF<\/td>\n<td  style=\"text-align:right\" > 28<\/td>\n<\/tr>\n\r\n<tr><td  style=\"text-align:left\" >From 660 to 719 minutes<\/td>\n<td  style=\"text-align:left\" >12 hours<\/td>\n<td  style=\"text-align:left\" >CHF<\/td>\n<td  style=\"text-align:right\" > 31<\/td>\n<\/tr>\n\r\n<tr><td  style=\"text-align:left\" >Night-time hourly access from 17:00 to 07:00 &comma; saturday &comma; sundays and public holidays<\/td>\n<td  style=\"text-align:left\" > Per hour (first 30 minutes free) <\/td>\n<td  style=\"text-align:left\" >CHF<\/td>\n<td  style=\"text-align:right\" > 1<\/td>\n<\/tr>\n\r\n<tr><td  style=\"text-align:left\" >Except from 17:00 to 00:00 free<\/td>\n<\/tr>\n<\/tbody><\/table><\/div>\n<div class=\"table-responsive\"><table  style=\"width:550px; \"  class=\"easy-table easy-table-default \" border=\"0\">\n<thead>\r\n<tr><th  style=\"width:350px;text-align:left\" ><\/th>\n<th  style=\"width:120px;text-align:left\" ><\/th>\n<th  style=\"width:50px;text-align:left\" ><\/th>\n<th  style=\"width:50px;text-align:right\" ><\/th>\n<\/tr>\n<\/thead>\n<tbody>\r\n<tr><td  style=\"text-align:left\" >ACCESS FOR MOTORISED 2-WHEELERS<\/td>\n<td  style=\"text-align:left\" >For every 3 hours<\/td>\n<td  style=\"text-align:left\" >CHF<\/td>\n<td  style=\"text-align:right\" >1<\/td>\n<\/tr>\n\r\n<tr><td  style=\"text-align:left\" >Lost ticket<\/td>\n<td  style=\"text-align:left\" ><\/td>\n<td  style=\"text-align:left\" >CHF<\/td>\n<td  style=\"text-align:right\" >40<\/td>\n<\/tr>\n\r\n<tr><td  style=\"text-align:left\" >Lost card replacement<\/td>\n<td  style=\"text-align:left\" ><\/td>\n<td  style=\"text-align:left\" >CHF<\/td>\n<td  style=\"text-align:right\" >50<\/td>\n<\/tr>\n<\/tbody><\/table><\/div>\nALL OUR CHARGES APPLY PER VEHICLE AND ARE INCLUSIVE OF ALL TAXES<br \/>\n<\/p><\/div>\n<h3 class=\"toggle\"><strong><a href=\"#\">Other charges<\/a><\/strong><\/h3><div class=\"toggle-box\" style=\"display: none;\"><p>\n<p><strong><strong>LONG-STAY PARKING (1 entry, 1 exit)<br \/>\n<\/strong><\/strong><\/p>\n<div class=\"table-responsive\"><table  style=\"width:550px; \"  class=\"easy-table easy-table-default \" border=\"0\">\n<thead>\r\n<tr><th  style=\"width:350px;text-align:left\" ><\/th>\n<th  style=\"width:100px;text-align:left\" ><\/th>\n<th  style=\"width:50px;text-align:left\" ><\/th>\n<th  style=\"width:50px;text-align:right\" ><\/th>\n<\/tr>\n<\/thead>\n<tbody>\r\n<tr><td  style=\"text-align:left\" >First day<\/td>\n<td  style=\"text-align:left\" ><\/td>\n<td  style=\"text-align:left\" > CHF<\/td>\n<td  style=\"text-align:right\" > 40<\/td>\n<\/tr>\n\r\n<tr><td  style=\"text-align:left\" >Subsequent days (per day)<\/td>\n<td  style=\"text-align:left\" ><\/td>\n<td  style=\"text-align:left\" > CHF<\/td>\n<td  style=\"text-align:right\" > 25<\/td>\n<\/tr>\n<\/tbody><\/table><\/div>\nALL OUR CHARGES APPLY PER VEHICLE AND ARE INCLUSIVE OF ALL TAXES<br \/>\n<\/p><\/div>\n<h3 class=\"toggle\"><strong><a href=\"#\">Season ticket application<\/a><\/strong><\/h3><div class=\"toggle-box\" style=\"display: none;\"><p>\nOnly for tenants of the \u2018Small City\u2019 centre, through the car park operator<br \/>\n<\/p><\/div>\n<h3 class=\"toggle\"><strong><a href=\"#\">General conditions<\/a><\/strong><\/h3><div class=\"toggle-box\" style=\"display: none;\"><p>\n<p>&nbsp;<\/p>\n<p><iframe loading=\"lazy\" src=\"https:\/\/docs.google.com\/viewer?url=https:\/\/www.parkgest.ch\/wp-content\/uploads\/Parking_Small_City_Conditions-generales_202407-18_VF.pdf&amp;embedded=true\" width=\"100%\" height=\"600\" frameborder=\"0\"><\/iframe><\/p>\n<p>If you cannot read properly the file <a href=\"https:\/\/www.parkgest.ch\/wp-content\/uploads\/Parking_Small_City_Conditions-generales_202407-18_VF.pdf\" target=\"_blank\" rel=\"noopener noreferrer\">click here<\/a><\/p>\n<\/p><\/div>\n<\/div>\n","protected":false},"excerpt":{"rendered":"<p>Welcome to Small City car park The Small City car park is part of the Small City centre which, once phase two is completed, will be the first industrial centre in Switzerland with more than 50,000 m2 of surface area dedicated to nine sectors (textiles and accessories, home decor and household items, health and beauty, [&hellip;]<\/p>\n","protected":false},"author":10,"featured_media":7508,"parent":1282,"menu_order":0,"comment_status":"closed","ping_status":"closed","template":"parkingpage.php","meta":{"footnotes":""},"tags":[],"yoast_head":"<!-- This site is optimized with the Yoast SEO plugin v21.8 - https:\/\/yoast.com\/wordpress\/plugins\/seo\/ -->\n<title>Small City car park | Parkgest<\/title>\n<meta name=\"robots\" content=\"index, follow, max-snippet:-1, max-image-preview:large, max-video-preview:-1\" \/>\n<link rel=\"canonical\" href=\"https:\/\/www.parkgest.ch\/en\/where-to-park\/small-city-car-park\/\" \/>\n<meta property=\"og:locale\" content=\"en_US\" \/>\n<meta property=\"og:type\" content=\"article\" \/>\n<meta property=\"og:title\" content=\"Small City car park | Parkgest\" \/>\n<meta property=\"og:description\" content=\"Welcome to Small City car park The Small City car park is part of the Small City centre which, once phase two is completed, will be the first industrial centre in Switzerland with more than 50,000 m2 of surface area dedicated to nine sectors (textiles and accessories, home decor and household items, health and beauty, [&hellip;]\" \/>\n<meta property=\"og:url\" content=\"https:\/\/www.parkgest.ch\/en\/where-to-park\/small-city-car-park\/\" \/>\n<meta property=\"og:site_name\" content=\"Parkgest\" \/>\n<meta property=\"article:modified_time\" content=\"2025-08-25T21:12:37+00:00\" \/>\n<meta property=\"og:image\" content=\"https:\/\/www.parkgest.ch\/wp-content\/uploads\/4.png\" \/>\n\t<meta property=\"og:image:width\" content=\"1200\" \/>\n\t<meta property=\"og:image:height\" content=\"600\" \/>\n\t<meta property=\"og:image:type\" content=\"image\/png\" \/>\n<meta name=\"twitter:label1\" content=\"Est. reading time\" \/>\n\t<meta name=\"twitter:data1\" content=\"7 minutes\" \/>\n<script type=\"application\/ld+json\" class=\"yoast-schema-graph\">{\"@context\":\"https:\/\/schema.org\",\"@graph\":[{\"@type\":\"WebPage\",\"@id\":\"https:\/\/www.parkgest.ch\/en\/where-to-park\/small-city-car-park\/\",\"url\":\"https:\/\/www.parkgest.ch\/en\/where-to-park\/small-city-car-park\/\",\"name\":\"Small City car park | Parkgest\",\"isPartOf\":{\"@id\":\"https:\/\/www.parkgest.ch\/#website\"},\"datePublished\":\"2024-03-22T13:29:53+00:00\",\"dateModified\":\"2025-08-25T21:12:37+00:00\",\"breadcrumb\":{\"@id\":\"https:\/\/www.parkgest.ch\/en\/where-to-park\/small-city-car-park\/#breadcrumb\"},\"inLanguage\":\"en-US\",\"potentialAction\":[{\"@type\":\"ReadAction\",\"target\":[\"https:\/\/www.parkgest.ch\/en\/where-to-park\/small-city-car-park\/\"]}]},{\"@type\":\"BreadcrumbList\",\"@id\":\"https:\/\/www.parkgest.ch\/en\/where-to-park\/small-city-car-park\/#breadcrumb\",\"itemListElement\":[{\"@type\":\"ListItem\",\"position\":1,\"name\":\"Accueil\",\"item\":\"https:\/\/www.parkgest.ch\/en\/\"},{\"@type\":\"ListItem\",\"position\":2,\"name\":\"Where shall I park?\",\"item\":\"https:\/\/www.parkgest.ch\/en\/where-to-park\/\"},{\"@type\":\"ListItem\",\"position\":3,\"name\":\"Small City car park\"}]},{\"@type\":\"WebSite\",\"@id\":\"https:\/\/www.parkgest.ch\/#website\",\"url\":\"https:\/\/www.parkgest.ch\/\",\"name\":\"Parkgest\",\"description\":\"R\u00e9seau de parkings \u00e0 Gen\u00e8ve et Suisse romande\",\"potentialAction\":[{\"@type\":\"SearchAction\",\"target\":{\"@type\":\"EntryPoint\",\"urlTemplate\":\"https:\/\/www.parkgest.ch\/?s={search_term_string}\"},\"query-input\":\"required name=search_term_string\"}],\"inLanguage\":\"en-US\"}]}<\/script>\n<!-- \/ Yoast SEO plugin. -->","yoast_head_json":{"title":"Small City car park | Parkgest","robots":{"index":"index","follow":"follow","max-snippet":"max-snippet:-1","max-image-preview":"max-image-preview:large","max-video-preview":"max-video-preview:-1"},"canonical":"https:\/\/www.parkgest.ch\/en\/where-to-park\/small-city-car-park\/","og_locale":"en_US","og_type":"article","og_title":"Small City car park | Parkgest","og_description":"Welcome to Small City car park The Small City car park is part of the Small City centre which, once phase two is completed, will be the first industrial centre in Switzerland with more than 50,000 m2 of surface area dedicated to nine sectors (textiles and accessories, home decor and household items, health and beauty, [&hellip;]","og_url":"https:\/\/www.parkgest.ch\/en\/where-to-park\/small-city-car-park\/","og_site_name":"Parkgest","article_modified_time":"2025-08-25T21:12:37+00:00","og_image":[{"width":1200,"height":600,"url":"https:\/\/www.parkgest.ch\/wp-content\/uploads\/4.png","type":"image\/png"}],"twitter_misc":{"Est. reading time":"7 minutes"},"schema":{"@context":"https:\/\/schema.org","@graph":[{"@type":"WebPage","@id":"https:\/\/www.parkgest.ch\/en\/where-to-park\/small-city-car-park\/","url":"https:\/\/www.parkgest.ch\/en\/where-to-park\/small-city-car-park\/","name":"Small City car park | Parkgest","isPartOf":{"@id":"https:\/\/www.parkgest.ch\/#website"},"datePublished":"2024-03-22T13:29:53+00:00","dateModified":"2025-08-25T21:12:37+00:00","breadcrumb":{"@id":"https:\/\/www.parkgest.ch\/en\/where-to-park\/small-city-car-park\/#breadcrumb"},"inLanguage":"en-US","potentialAction":[{"@type":"ReadAction","target":["https:\/\/www.parkgest.ch\/en\/where-to-park\/small-city-car-park\/"]}]},{"@type":"BreadcrumbList","@id":"https:\/\/www.parkgest.ch\/en\/where-to-park\/small-city-car-park\/#breadcrumb","itemListElement":[{"@type":"ListItem","position":1,"name":"Accueil","item":"https:\/\/www.parkgest.ch\/en\/"},{"@type":"ListItem","position":2,"name":"Where shall I park?","item":"https:\/\/www.parkgest.ch\/en\/where-to-park\/"},{"@type":"ListItem","position":3,"name":"Small City car park"}]},{"@type":"WebSite","@id":"https:\/\/www.parkgest.ch\/#website","url":"https:\/\/www.parkgest.ch\/","name":"Parkgest","description":"R\u00e9seau de parkings \u00e0 Gen\u00e8ve et Suisse romande","potentialAction":[{"@type":"SearchAction","target":{"@type":"EntryPoint","urlTemplate":"https:\/\/www.parkgest.ch\/?s={search_term_string}"},"query-input":"required name=search_term_string"}],"inLanguage":"en-US"}]}},"_links":{"self":[{"href":"https:\/\/www.parkgest.ch\/en\/wp-json\/wp\/v2\/pages\/9599"}],"collection":[{"href":"https:\/\/www.parkgest.ch\/en\/wp-json\/wp\/v2\/pages"}],"about":[{"href":"https:\/\/www.parkgest.ch\/en\/wp-json\/wp\/v2\/types\/page"}],"author":[{"embeddable":true,"href":"https:\/\/www.parkgest.ch\/en\/wp-json\/wp\/v2\/users\/10"}],"replies":[{"embeddable":true,"href":"https:\/\/www.parkgest.ch\/en\/wp-json\/wp\/v2\/comments?post=9599"}],"version-history":[{"count":17,"href":"https:\/\/www.parkgest.ch\/en\/wp-json\/wp\/v2\/pages\/9599\/revisions"}],"predecessor-version":[{"id":10835,"href":"https:\/\/www.parkgest.ch\/en\/wp-json\/wp\/v2\/pages\/9599\/revisions\/10835"}],"up":[{"embeddable":true,"href":"https:\/\/www.parkgest.ch\/en\/wp-json\/wp\/v2\/pages\/1282"}],"wp:featuredmedia":[{"embeddable":true,"href":"https:\/\/www.parkgest.ch\/en\/wp-json\/wp\/v2\/media\/7508"}],"wp:attachment":[{"href":"https:\/\/www.parkgest.ch\/en\/wp-json\/wp\/v2\/media?parent=9599"}],"wp:term":[{"taxonomy":"post_tag","embeddable":true,"href":"https:\/\/www.parkgest.ch\/en\/wp-json\/wp\/v2\/tags?post=9599"}],"curies":[{"name":"wp","href":"https:\/\/api.w.org\/{rel}","templated":true}]}}