{"id":8653,"date":"2022-09-20T08:34:05","date_gmt":"2022-09-20T07:34:05","guid":{"rendered":"https:\/\/www.parkgest.ch\/?page_id=8653"},"modified":"2026-03-03T08:40:51","modified_gmt":"2026-03-03T07:40:51","slug":"parkhaus-les-fabriques","status":"publish","type":"page","link":"https:\/\/www.parkgest.ch\/de\/wo-man-parken\/parkhaus-les-fabriques\/","title":{"rendered":"Parkhaus Les Fabriques"},"content":{"rendered":"<div class=\"pkg-block pkg-block--bordered pkg-block-text\">\n<h2>Willkommen auf dem Parkhaus Les Fabriques<\/h2>\n<p>Das im Juli 2021 eingeweihte Parkhaus Les Fabriques ist eines der modernen und sicheren Parkh\u00e4user im Etang-Viertel.<\/p>\n<\/div>\n<p>Das Parkhaus bietet gemeinschaftliche Parkpl\u00e4tze an, die nicht namentlich an Nutzer vergeben werden. Dies erm\u00f6glicht eine optimale Nutzung der Parkfl\u00e4chen.<\/p>\n<p>Das Parkhaus besteht aus drei Geschossen (-1, -2 &#038; -3), von denen die erste (-1) vorzugsweise von Ladenbesuchern und Kita-Nutzern belegt wird.<\/p>\n<div class=\"pkg-block pkg-block--bordered pkg-block-service\">\n<div class=\"service-item\">\n<div class=\"service-item__icon\"><img decoding=\"async\" class=\"img-fluid\" style=\"width: 65px;\" src=\"https:\/\/www.parkgest.ch\/wp-content\/uploads\/\/Sign-limit-250-web.svg\" alt=\"\" \/><\/div>\n<p>H\u00f6he 2,50 m<br \/>\nim Geschoss -1<\/p>\n<\/div>\n<div class=\"service-item\">\n<div class=\"service-item__icon\"><img decoding=\"async\" class=\"img-fluid\" style=\"width: 65px;\" src=\"http:\/\/www.parkgest.ch\/wp-content\/themes\/parkgest\/v2\/images\/svg\/PKG_Sign-Limit-210.svg\" alt=\"\" \/><\/div>\n<p>H\u00f6he 2,10 m<br \/>\nauf den Geschossen -2 und -3<\/p>\n<\/div>\n<div class=\"service-item\">\n<div class=\"service-item__icon\"><img decoding=\"async\" class=\"img-fluid\" style=\"width: 65px;\" src=\"http:\/\/www.parkgest.ch\/wp-content\/themes\/parkgest\/v2\/images\/svg\/Sign-limit-10-web.svg\" alt=\"\" \/><\/div>\n<p>Geschwindigkeitsbegrenzung<br \/>\nbei 10 km\/h<\/p>\n<\/div>\n<div class=\"service-item\">\n<div class=\"service-item__icon\"><img decoding=\"async\" class=\"img-fluid\" style=\"width: 65px;\" src=\"http:\/\/www.parkgest.ch\/wp-content\/themes\/parkgest\/v2\/images\/svg\/PKG_Interutil.svg\" alt=\"\" \/><\/div>\n<p>Fahrr\u00e4der,<br \/>\nRoller, Inline-<br \/>\nSkates und Skateboards<br \/>\nsind verboten<\/p>\n<\/div>\n<div class=\"service-item\">\n<div class=\"service-item__icon\"><img decoding=\"async\" class=\"img-fluid\" style=\"width: 65px;\" src=\"http:\/\/www.parkgest.ch\/wp-content\/themes\/parkgest\/v2\/images\/svg\/PKG_NoSmoking.svg\" alt=\"\" \/><\/div>\n<p>Nichtraucher<\/p>\n<\/div>\n<\/div>\n<h2>Dienstleistungen<\/h2>\n<div class=\"pkg-block pkg-block--bordered pkg-block-service\">\n<div class=\"service-item\">\n<div class=\"service-item__icon\"><img decoding=\"async\" class=\"img-fluid\" src=\"http:\/\/www.parkgest.ch\/wp-content\/themes\/parkgest\/v2\/images\/svg\/PKG_Open24.svg\" alt=\"\" \/><\/div>\n<p>Ge\u00f6ffnet 24 h<br \/>\nan 7 Tagen der Woche<\/p>\n<\/div>\n<div class=\"service-item\">\n<div class=\"service-item__icon\"><img decoding=\"async\" class=\"img-fluid\" src=\"http:\/\/www.parkgest.ch\/wp-content\/themes\/parkgest\/v2\/images\/svg\/PKG_Services.svg\" alt=\"\" \/><\/div>\n<p>Kundenempfang von 14:30 bis 17:00 Uhr (am Dienstag und Donnerstag)<\/p>\n<\/div>\n<div class=\"service-item\">\n<div class=\"service-item__icon\"><img decoding=\"async\" class=\"img-fluid\" src=\"http:\/\/www.parkgest.ch\/wp-content\/themes\/parkgest\/v2\/images\/svg\/PKG-Licence-number-ge.svg\" style=\"width: 45px;\" alt=\"\" \/><\/div>\n<p>ANPR<\/p>\n<\/div>\n<div class=\"service-item\">\n<div class=\"service-item__icon service-item__icon--popover\"><button data-toggle=\"popover\" data-text=\"Sobald Ihr Parkvorgang bezahlt ist, \u00f6ffnet sich die Schranke bei der Ausfahrt automatisch dank Kennzeichenerkennung, ohne dass Sie Ihr Ticket einf\u00fchren m\u00fcssen. Bezahlt = automatische Ausfahrt. Einfach, schnell und komfortabel. \" data-placement=\"top\"><\/button><i class=\"icon-info-with-circle\"><\/i><img decoding=\"async\" class=\"img-fluid\" src=\"https:\/\/www.parkgest.ch\/wp-content\/themes\/parkgest\/v2\/images\/svg\/PKG-fastexit.svg\" alt=\"\" \/><\/div>\n<p>Fast Exit\n<\/p><\/div>\n<\/div>\n<h2>Parkangebot<\/h2>\n<div class=\"pkg-block pkg-block--bordered pkg-block-service\">\n<div class=\"service-item\">\n<div class=\"service-item__icon service-item__icon--popover\"><button data-toggle=\"popover\" data-text=\"Parkpl\u00e4tze mit elektrischen Ladestationen f\u00fcr alle Fahrzeugtypen (ausser f\u00fcr Motorr\u00e4der).\" data-link=\"https:\/\/www.parkgest.ch\/de\/stromladesaulen\/\" data-placement=\"top\" data-available=\"2\" data-location=\"-3\"><\/button><i class=\"icon-info-with-circle\"><\/i><img decoding=\"async\" class=\"img-fluid\" src=\"http:\/\/www.parkgest.ch\/wp-content\/themes\/parkgest\/v2\/images\/svg\/PKG_Electric-Car.svg\" alt=\"\" \/><\/div>\n<p>Ladestationen f\u00fcr Elektrofahrzeuge<\/p>\n<\/div>\n<div class=\"service-item\">\n<div class=\"service-item__icon service-item__icon--popover\"><button data-toggle=\"popover\" data-text=\"Parkpl\u00e4tze f\u00fcr Personen mit eingeschr\u00e4nkter Mobilit\u00e4t  in der N\u00e4he von Fu\u00dfg\u00e4ngereing\u00e4ngen, ausgestattet mit verst\u00e4rkten Video\u00fcberwachungssystemen.\" data-link=\"https:\/\/www.parkgest.ch\/places-reservees-aux-personnes-a-mobilite-reduite\/\" data-placement=\"top\" data-available=\"10\" data-location=\"-1 \/ -2 \/ -3\"><\/button><i class=\"icon-info-with-circle\"><\/i><img decoding=\"async\" class=\"img-fluid\" src=\"http:\/\/www.parkgest.ch\/wp-content\/themes\/parkgest\/v2\/images\/svg\/PKG_wheel-chair.svg\" alt=\"\" \/><\/div>\n<p>Parkpl\u00e4tze f\u00fcr Behinderte<\/p>\n<\/div>\n<div class=\"service-item\">\n<div class=\"service-item__icon service-item__icon--popover\"><button data-toggle=\"popover\" data-text=\"\" data-link=\"\" data-placement=\"top\" data-available=\"132\" data-location=\"-1 \/ -2 \/ -3\"><\/button><i class=\"icon-info-with-circle\"><\/i><img decoding=\"async\" class=\"img-fluid\" src=\"http:\/\/www.parkgest.ch\/wp-content\/themes\/parkgest\/v2\/images\/svg\/PKG_Bike.svg\" alt=\"\" \/><\/div>\n<p>Parkpl\u00e4tze f\u00fcr Motorr\u00e4der<\/p>\n<\/div>\n<\/div>\n<h2>Exklusivit\u00e4ten<\/h2>\n<div class=\"pkg-block pkg-block--bordered pkg-block-service\">\n<div class=\"service-item\">\n<div class=\"service-item__icon\"><img decoding=\"async\" class=\"img-fluid\" src=\"http:\/\/www.parkgest.ch\/wp-content\/themes\/parkgest\/v2\/images\/svg\/PKG_Mobile-4G.svg\" alt=\"\" \/><\/div>\n<p>4G Netzwerk<\/p>\n<\/div>\n<div class=\"service-item\">\n<div class=\"service-item__icon service-item__icon--popover\"><button data-toggle=\"popover\" data-text=\"Keine Notwendigkeit mehr, an der Kasse zu bezahlen! Registrieren Sie sich bei\" data-button=\"Evopark.\" data-inline=\"true\" data-external=\"1\" data-link=\"https:\/\/go.evopark.de\/parkgest\/users\/registration\" data-placement=\"top\" data-available=\"\" data-location=\"\"><\/button><i class=\"icon-info-with-circle\"><\/i><img decoding=\"async\" class=\"img-fluid\" src=\"http:\/\/www.parkgest.ch\/wp-content\/themes\/parkgest\/v2\/images\/svg\/PKG_ticketless-2.svg\" alt=\"\" style=\"width:60px;\" \/><\/div>\n<p>Ticketless<\/p>\n<\/div>\n<div class=\"service-item\">\n<div class=\"service-item__icon service-item__icon--popover\"><button data-toggle=\"popover\" data-text=\"Finden Sie Ihr Fahrzeug beim Check-out direkt \u00fcber den Bildschirm.\" data-link=\"\" data-placement=\"top\" data-available=\"\" data-location=\"\"><\/button><i class=\"icon-info-with-circle\"><\/i><img decoding=\"async\" class=\"img-fluid\" src=\"http:\/\/www.parkgest.ch\/wp-content\/themes\/parkgest\/v2\/images\/svg\/PKG_findmycar.svg\" alt=\"\" style=\"width:60px;\"\/><\/div>\n<p>Find my car<\/p>\n<\/div>\n<div class=\"service-item\">\n<div class=\"service-item__icon service-item__icon--popover\"><button data-toggle=\"popover\" data-text=\"Kaufen Sie eine Prepaid-Karte und bezahlen Sie unmittelbar bei Ihrer Ausfahrt.\" data-link=\"\" data-placement=\"top\" data-available=\"\" data-location=\"\"><\/button><i class=\"icon-info-with-circle\"><\/i><img decoding=\"async\" class=\"img-fluid\" src=\"http:\/\/www.parkgest.ch\/wp-content\/themes\/parkgest\/v2\/images\/svg\/PKG_prepaidcard.svg\" alt=\"\" style=\"width:60px;\"\/><\/div>\n<p>Prepaid-Karte<\/p>\n<\/div>\n<\/div>\n<h2>Annehmlichkeiten<\/h2>\n<div class=\"pkg-block pkg-block--bordered pkg-block-service\">\n<div class=\"service-item\">\n<div class=\"service-item__icon\"><img decoding=\"async\" class=\"img-fluid\" style=\"width: 65px;\" src=\"http:\/\/www.parkgest.ch\/wp-content\/themes\/parkgest\/v2\/images\/svg\/Elevator-access.svg\" alt=\"\" \/><\/div>\n<p>Aufz\u00fcge f\u00fcr k\u00f6rperlich eingeschr\u00e4nkte Personen<\/p>\n<\/div>\n<div class=\"service-item\">\n<div class=\"service-item__icon\"><img decoding=\"async\" class=\"img-fluid\" src=\"http:\/\/www.parkgest.ch\/wp-content\/themes\/parkgest\/v2\/images\/svg\/PKG_Ticket-Machine-Assist.svg\" alt=\"\" \/><\/div>\n<p>Zahlstellen f\u00fcr Behinderte<\/p>\n<\/div>\n<div class=\"service-item\">\n<div class=\"service-item__icon\"><img decoding=\"async\" class=\"img-fluid\" src=\"http:\/\/www.parkgest.ch\/wp-content\/themes\/parkgest\/v2\/images\/svg\/PKG_Park-Assist.svg\" alt=\"\" \/><\/div>\n<p>Dynamische F\u00fchrung<\/p>\n<\/div>\n<\/div>\n<h2>Security<\/h2>\n<div class=\"pkg-block pkg-block--bordered pkg-block-service\">\n<div class=\"service-item\">\n<div class=\"service-item__icon service-item__icon--popover\"><button data-toggle=\"popover\" data-text=\"Zu Ihrer Sicherheit verf\u00fcgt das Parkhaus Les Fabriques \u00fcber ein Netzwerk von Video\u00fcberwachungskameras.\" data-placement=\"top\"><\/button><i class=\"icon-info-with-circle\"><\/i><img decoding=\"async\" class=\"img-fluid\" src=\"http:\/\/www.parkgest.ch\/wp-content\/themes\/parkgest\/v2\/images\/svg\/PKG_Camera.svg\" alt=\"\" \/><\/div>\n<p>Video\u00fcberwachung<\/p>\n<\/div>\n<div class=\"service-item\">\n<div class=\"service-item__icon\"><img decoding=\"async\" class=\"img-fluid\" style=\"width: 50px;\" src=\"https:\/\/www.parkgest.ch\/wp-content\/themes\/parkgest\/v2\/images\/svg\/pkg-icon-rideau.svg\" alt=\"\" data-src=\"https:\/\/www.parkgest.ch\/wp-content\/themes\/parkgest\/v2\/images\/svg\/pkg-icon-rideau.svg\" \/><\/div>\n<p>Verschliessbares automatisches Tor<\/p>\n<\/div>\n<div class=\"service-item\">\n<div class=\"service-item__icon\"><img decoding=\"async\" class=\"img-fluid\" style=\"width: 50px;\" src=\"https:\/\/www.parkgest.ch\/wp-content\/themes\/parkgest\/v2\/images\/svg\/PKG_digicode.svg\" alt=\"\" \/><\/div>\n<p>Zugriff per Digitalcode<\/p>\n<\/div>\n<\/div>\n<h2>Zahlungsarten<\/h2>\n<div class=\"pkg-block pkg-block--bordered pkg-block-service pkg-block-service-payment\">\n<div class=\"service-item\">\n<div class=\"service-item__icon\"><img decoding=\"async\" class=\"img-fluid\" src=\"http:\/\/www.parkgest.ch\/wp-content\/themes\/parkgest\/v2\/images\/svg\/PKG_Creditcard.svg\" alt=\"\" \/><\/div>\n<p>Kartenzahlung<\/p>\n<\/div>\n<div class=\"service-item\">\n<div class=\"service-item__icon\"><img decoding=\"async\" class=\"img-fluid\" style=\"width: 47px;\" src=\"http:\/\/www.parkgest.ch\/wp-content\/themes\/parkgest\/v2\/images\/svg\/PKG_contactless payment.png\" alt=\"\" \/><\/div>\n<p>Kontaktlos<\/p>\n<\/div>\n<div class=\"service-item\">\n<div class=\"service-item__icon\"><\/i><img decoding=\"async\" class=\"img-fluid\" src=\"http:\/\/www.parkgest.ch\/wp-content\/themes\/parkgest\/v2\/images\/svg\/PKG_Swissfrancs.svg\" alt=\"\" \/><\/div>\n<p>Banknoten &#038; M\u00fcnzen CHF<\/p>\n<\/div>\n<div class=\"service-item\">\n<div class=\"service-item__icon\"><img decoding=\"async\" class=\"img-fluid\" src=\"http:\/\/www.parkgest.ch\/wp-content\/themes\/parkgest\/v2\/images\/svg\/PKG_Euro.svg\" alt=\"\" \/><\/div>\n<p>Banknoten EUR<\/p>\n<\/div>\n<\/div>\n<div class=\"pkg-block pkg-block-text\">\n<h2>Nutzungseinschr\u00e4nkungen<\/h2>\n<p>Das Parkhaus Les Fabriques ist ein privates Nichtrauchergel\u00e4nde, das das Parken ausschliesslich f\u00fcr Abonnenten mit leichten Motorfahrzeugen (max. 3,5 t) gestattet. Diese m\u00fcssen in gutem Zustand sein und mit Strom oder Benzin oder Diesel betrieben werden. Ihre maximale H\u00f6he darf einschliesslich aller Anbauteile (z. B. Dachbox, Fahrr\u00e4der, Antennen) 2,50 m auf dem Geschoss -1, und 2,10 m auf den Geschossen -2 et -3 nicht \u00fcberschreiten. Motorisierte 3- oder 4-Rad-Fahrzeuge, einschliesslich Roadster und Quads, sind erlaubt.<\/p>\n<p>Strikt untersagt ist die Verwendung von:<\/p>\n<ul>\n<li>Fahrzeugen, die nicht mit Elektro-, Benzin- oder Dieselkraftstoff betrieben werden, insbesondere Fl\u00fcssigpropangas (LPG), Erdgas, Butangas oder Wasserstoff.<\/li>\n<li>Zu ziehende Fahrzeuge \u2013 Anh\u00e4nger aller Art, einschliesslich Wohnwagen (sofern nicht ausdr\u00fccklich genehmigt)<\/li>\n<li>Segways, Scooter, Rollerblades und Skateboards.<\/li>\n<\/ul>\n<h3 class=\"toggle\"><strong><a href=\"#\">Tarife nach Stunden<\/a><\/strong><\/h3><div class=\"toggle-box\" style=\"display: none;\"><p>\n<div class=\"table-responsive\"><table  style=\"width:300px; \"  class=\"easy-table easy-table-default \" border=\"0\">\n<thead>\r\n<tr><th  style=\"width:60px;text-align:center\" ><span>MONTAG &#8211; FREITAG<\/span><span>07H00 &#8211; 18H00<\/span><\/th>\n<th  style=\"width:60px;text-align:center\" ><span>PARKDAUER<\/span><\/th>\n<th  style=\"width:60px;text-align:center\" ><span>MONTAG &#8211; FREITAG<\/span><span>18H00 &#8211; 07H00<\/span><span>SAMSTAG 00H00 &#8211; 07H00<\/span><\/th>\n<th  style=\"width:60px;text-align:center\" ><span>SAMSTAG<\/span><span>07h00 &#8211; 23h59<\/span><\/th>\n<th  style=\"width:60px;text-align:center\" ><span>SONN-UND FEIERTAGE<\/span><span>00H00 &#8211; 23H59<\/span><\/th>\n<\/tr>\n<\/thead>\n<tbody>\r\n<tr><td  style=\"text-align:center\" >gratis<\/td>\n<td  style=\"text-align:center\" > 20'<\/td>\n<td  style=\"text-align:center\" > gratis<\/td>\n<td rowspan=\"5\" style=\"text-align:center\" > 2 Stunden gratis<\/td>\n<td rowspan=\"2\" style=\"text-align:center\" > 30' gratis<\/td>\n<\/tr>\n\r\n<tr><td  style=\"text-align:center\" >CHF 1<\/td>\n<td  style=\"text-align:center\" > 30'<\/td>\n<td rowspan=\"2\" style=\"text-align:center\" > CHF 1<\/td>\n<\/tr>\n\r\n<tr><td  style=\"text-align:center\" >CHF 2<\/td>\n<td  style=\"text-align:center\" > 1h<\/td>\n<td rowspan=\"3\" style=\"text-align:center\" > CHF 1<\/td>\n<\/tr>\n\r\n<tr><td  style=\"text-align:center\" >CHF 3<\/td>\n<td  style=\"text-align:center\" > 30'<\/td>\n<td rowspan=\"2\" style=\"text-align:center\" > CHF 2<\/td>\n<\/tr>\n\r\n<tr><td  style=\"text-align:center\" >CHF 4<\/td>\n<td  style=\"text-align:center\" > 2h<\/td>\n<\/tr>\n\r\n<tr><td  style=\"text-align:center\" >CHF 5<\/td>\n<td  style=\"text-align:center\" > 30'<\/td>\n<td rowspan=\"2\" style=\"text-align:center\" >CHF 3<\/td>\n<td rowspan=\"2\" style=\"text-align:center\" >CHF 0.5<\/td>\n<td rowspan=\"4\" style=\"text-align:center\" > CHF 2<\/td>\n<\/tr>\n\r\n<tr><td  style=\"text-align:center\" >CHF 6<\/td>\n<td  style=\"text-align:center\" > 3h<\/td>\n<\/tr>\n\r\n<tr><td  style=\"text-align:center\" >CHF 7<\/td>\n<td  style=\"text-align:center\" > 30'<\/td>\n<td rowspan=\"2\" style=\"text-align:center\" >CHF 4<\/td>\n<td rowspan=\"2\" style=\"text-align:center\" >CHF 1.0<\/td>\n<\/tr>\n\r\n<tr><td  style=\"text-align:center\" >CHF 8<\/td>\n<td  style=\"text-align:center\" > 4h<\/td>\n<\/tr>\n\r\n<tr><td  style=\"text-align:center\" >CHF 9<\/td>\n<td  style=\"text-align:center\" > 20'<\/td>\n<td rowspan=\"4\" style=\"text-align:center\" > CHF 5<\/td>\n<td rowspan=\"2\" style=\"text-align:center\" > CHF 2<\/td>\n<td rowspan=\"8\" style=\"text-align:center\" > CHF 3<\/td>\n<\/tr>\n\r\n<tr><td rowspan=\"2\" style=\"text-align:center\" >CHF 10<\/td>\n<td  style=\"text-align:center\" > 30'<\/td>\n<\/tr>\n\r\n<tr><td  style=\"text-align:center\" >40'<\/td>\n<td rowspan=\"2\" style=\"text-align:center\" > CHF 4<\/td>\n<\/tr>\n\r\n<tr><td  style=\"text-align:center\" >CHF 11<\/td>\n<td  style=\"text-align:center\" > 5h<\/td>\n<\/tr>\n\r\n<tr><td  style=\"text-align:center\" >CHF 12<\/td>\n<td  style=\"text-align:center\" > 20'<\/td>\n<td rowspan=\"4\" style=\"text-align:center\" > CHF 6<\/td>\n<td rowspan=\"2\" style=\"text-align:center\" > CHF 6<\/td>\n<\/tr>\n\r\n<tr><td rowspan=\"2\" style=\"text-align:center\" >CHF 13<\/td>\n<td  style=\"text-align:center\" > 30'<\/td>\n<\/tr>\n\r\n<tr><td  style=\"text-align:center\" >40'<\/td>\n<td rowspan=\"2\" style=\"text-align:center\" > CHF 8<\/td>\n<\/tr>\n\r\n<tr><td  style=\"text-align:center\" >CHF 14<\/td>\n<td  style=\"text-align:center\" > 6h<\/td>\n<\/tr>\n\r\n<tr><td  style=\"text-align:center\" >CHF 15<\/td>\n<td  style=\"text-align:center\" > 20'<\/td>\n<td rowspan=\"4\" style=\"text-align:center\" > CHF 7<\/td>\n<td rowspan=\"2\" style=\"text-align:center\" > CHF 10<\/td>\n<td rowspan=\"8\" style=\"text-align:center\" > CHF 4<\/td>\n<\/tr>\n\r\n<tr><td rowspan=\"2\" style=\"text-align:center\" >CHF 16<\/td>\n<td  style=\"text-align:center\" > 30'<\/td>\n<\/tr>\n\r\n<tr><td  style=\"text-align:center\" >40'<\/td>\n<td rowspan=\"2\" style=\"text-align:center\" > CHF 12<\/td>\n<\/tr>\n\r\n<tr><td  style=\"text-align:center\" >CHF 17<\/td>\n<td  style=\"text-align:center\" > 7h<\/td>\n<\/tr>\n\r\n<tr><td rowspan=\"2\" style=\"text-align:center\" >CHF 18<\/td>\n<td  style=\"text-align:center\" > 20'<\/td>\n<td rowspan=\"4\" style=\"text-align:center\" > CHF 8<\/td>\n<td rowspan=\"2\" style=\"text-align:center\" > CHF 14<\/td>\n<\/tr>\n\r\n<tr><td  style=\"text-align:center\" >30'<\/td>\n<\/tr>\n\r\n<tr><td  style=\"text-align:center\" >CHF 19<\/td>\n<td  style=\"text-align:center\" > 40'<\/td>\n<td rowspan=\"2\" style=\"text-align:center\" > CHF 16<\/td>\n<\/tr>\n\r\n<tr><td  style=\"text-align:center\" >CHF 20<\/td>\n<td  style=\"text-align:center\" > 8h<\/td>\n<\/tr>\n\r\n<tr><td  style=\"text-align:center\" >CHF 21<\/td>\n<td  style=\"text-align:center\" > 20'<\/td>\n<td rowspan=\"4\" style=\"text-align:center\" > CHF 9<\/td>\n<td rowspan=\"2\" style=\"text-align:center\" > CHF 18.5<\/td>\n<td rowspan=\"8\" style=\"text-align:center\" > CHF 5<\/td>\n<\/tr>\n\r\n<tr><td rowspan=\"2\" style=\"text-align:center\" >CHF 22<\/td>\n<td  style=\"text-align:center\" > 30'<\/td>\n<\/tr>\n\r\n<tr><td  style=\"text-align:center\" >40'<\/td>\n<td rowspan=\"2\" style=\"text-align:center\" > CHF 21<\/td>\n<\/tr>\n\r\n<tr><td  style=\"text-align:center\" >CHF 23<\/td>\n<td  style=\"text-align:center\" > 9h<\/td>\n<\/tr>\n\r\n<tr><td  style=\"text-align:center\" >CHF 24<\/td>\n<td  style=\"text-align:center\" > 20'<\/td>\n<td rowspan=\"4\" style=\"text-align:center\" > CHF 10<\/td>\n<td rowspan=\"2\" style=\"text-align:center\" > CHF 23.5<\/td>\n<\/tr>\n\r\n<tr><td rowspan=\"2\" style=\"text-align:center\" >CHF 25<\/td>\n<td  style=\"text-align:center\" > 30'<\/td>\n<\/tr>\n\r\n<tr><td  style=\"text-align:center\" >40'<\/td>\n<td rowspan=\"2\" style=\"text-align:center\" > CHF 26<\/td>\n<\/tr>\n\r\n<tr><td  style=\"text-align:center\" >CHF 26<\/td>\n<td  style=\"text-align:center\" > 10h<\/td>\n<\/tr>\n\r\n<tr><td  style=\"text-align:center\" >CHF 27<\/td>\n<td  style=\"text-align:center\" > 20'<\/td>\n<td rowspan=\"4\" style=\"text-align:center\" > CHF 11<\/td>\n<td rowspan=\"2\" style=\"text-align:center\" > CHF 28.5<\/td>\n<td rowspan=\"8\" style=\"text-align:center\" > CHF 6<\/td>\n<\/tr>\n\r\n<tr><td  style=\"text-align:center\" >CHF 28<\/td>\n<td  style=\"text-align:center\" > 30'<\/td>\n<\/tr>\n\r\n<tr><td  style=\"text-align:center\" >CHF 28<\/td>\n<td  style=\"text-align:center\" > 40'<\/td>\n<td rowspan=\"2\" style=\"text-align:center\" > CHF 31<\/td>\n<\/tr>\n\r\n<tr><td  style=\"text-align:center\" >CHF 29<\/td>\n<td  style=\"text-align:center\" > 11h<\/td>\n<\/tr>\n\r\n<tr><td  style=\"text-align:center\" ><\/td>\n<td  style=\"text-align:center\" > 20'<\/td>\n<td rowspan=\"4\" style=\"text-align:center\" > CHF 12<\/td>\n<td rowspan=\"2\" style=\"text-align:center\" > CHF 33.5<\/td>\n<\/tr>\n\r\n<tr><td  style=\"text-align:center\" ><\/td>\n<td  style=\"text-align:center\" > 30'<\/td>\n<\/tr>\n\r\n<tr><td  style=\"text-align:center\" ><\/td>\n<td  style=\"text-align:center\" > 40'<\/td>\n<td rowspan=\"2\" style=\"text-align:center\" > CHF 36<\/td>\n<\/tr>\n\r\n<tr><td  style=\"text-align:center\" ><\/td>\n<td  style=\"text-align:center\" > 12h<\/td>\n<\/tr>\n\r\n<tr><td  style=\"text-align:center\" ><\/td>\n<td  style=\"text-align:center\" > &#8681;<\/td>\n<td  style=\"text-align:center\" > <span>CHF 1<\/span>pro Stunde<\/td>\n<td  style=\"text-align:center\" > <span>CHF 2.50<\/span>In Zeitr\u00e4umen von 30'<\/td>\n<td  style=\"text-align:center\" > <span>CHF 1<\/span>In Zeitr\u00e4umen von 2 Stunden<\/td>\n<\/tr>\n<\/tbody><\/table><\/div>\n<div class=\"table-responsive\"><table  style=\"width:550px; \"  class=\"easy-table easy-table-default \" border=\"0\">\n<thead>\r\n<tr><th  style=\"width:350px;text-align:left\" ><\/th>\n<th  style=\"width:100px;text-align:left\" ><\/th>\n<th  style=\"width:50px;text-align:left\" ><\/th>\n<th  style=\"width:50px;text-align:right\" ><\/th>\n<\/tr>\n<\/thead>\n<tbody>\r\n<tr><td  style=\"text-align:left\" ><strong>ZUTRITT F\u00dcR MOTORISIERTE ZWEIR\u00c4DER<\/strong><\/td>\n<td  style=\"text-align:left\" >In Zeitr\u00e4umen von 3 Stunden<\/td>\n<td  style=\"text-align:left\" >CHF<\/td>\n<td  style=\"text-align:right\" >1.00<\/td>\n<\/tr>\n\r\n<tr><td  style=\"text-align:left\" >Parkgeb\u00fchr bei verlorenem Ticket<\/td>\n<td  style=\"text-align:left\" ><\/td>\n<td  style=\"text-align:left\" >CHF<\/td>\n<td  style=\"text-align:right\" >45.00<\/td>\n<\/tr>\n<\/tbody><\/table><\/div>\nALLE UNSERE PREISE GELTEN AB DEM 1. JANUAR 2026 PRO FAHRZEUG UND SIND EINSCHLIESSLICH ALLER STEUERN.<br \/>\n<\/p><\/div>\n<h3 class=\"toggle\"><strong><a href=\"#\">Tarife Dauerzugang<\/a><\/strong><\/h3><div class=\"toggle-box\" style=\"display: none;\"><p>\n<div class=\"table-responsive\"><table  style=\"width:550px; \"  class=\"easy-table easy-table-default \" border=\"0\">\n<thead>\r\n<tr><th  style=\"width:300px;text-align:left\" ><\/th>\n<th  style=\"width:100px;text-align:left\" >2 aufeinanderfolgende Tage<\/th>\n<th  style=\"width:100px;text-align:left\" >7 aufeinanderfolgende Tage<\/th>\n<th  style=\"width:50px;text-align:right\" > Monatlich<\/th>\n<\/tr>\n<\/thead>\n<tbody>\r\n<tr><td  style=\"text-align:left\" >Permanenter Zugang* f\u00fcr einen festgelegten Zeitraum** von 24 h am Tag<\/td>\n<td  style=\"text-align:left\" ><\/td>\n<td  style=\"text-align:left\" >CHF 100 <\/td>\n<td  style=\"text-align:right\" ><\/td>\n<\/tr>\n\r\n<tr><td  style=\"text-align:left\" >Permanenter Zugang* f\u00fcr einen festgelegten Zeitraum** von 24 h am Tag<\/td>\n<td  style=\"text-align:left\" ><\/td>\n<td  style=\"text-align:left\" > <\/td>\n<td  style=\"text-align:right\" >CHF 400<\/td>\n<\/tr>\n\r\n<tr><td  style=\"text-align:left\" >Ersatz f\u00fcr die Dauerkarte oder den Zugangsausweis<\/td>\n<td  style=\"text-align:left\" ><\/td>\n<td  style=\"text-align:left\" ><\/td>\n<td  style=\"text-align:right\" >CHF 50<\/td>\n<\/tr>\n<\/tbody><\/table><\/div>\nALLE UNSERE PREISE GELTEN AB DEM 1. JANUAR 2026 PRO FAHRZEUG UND SIND EINSCHLIESSLICH ALLER STEUERN.<\/p>\n<p>*inklusive Samstag, Sonntag und Feiertage<br \/>\n**zu abonnieren \u00fcber unseren Vertrieb erwerben<br \/>\n<\/p><\/div>\n<h3 class=\"toggle\"><strong><a href=\"#\">Andere Tarife<\/a><\/strong><\/h3><div class=\"toggle-box\" style=\"display: none;\"><p>\n<p><strong>PREPAID KARTE<\/strong><br \/>\nSparen Sie Zeit und Geld!<br \/>\nKaufen Sie Ihre Prepaid-Karte im Kontrollzentrum und laden Sie sie an den Kassenautomaten auf.<br \/>\nDie Bezahlung erfolgt unmittelbar bei Ihrer Ausfahrt.<\/p>\n<div class=\"table-responsive\"><table  style=\"width:550px; \"  class=\"easy-table easy-table-default \" border=\"0\">\n<thead>\r\n<tr><th  style=\"width:350px;text-align:left\" >Parkgeb\u00fchr<\/th>\n<th  style=\"width:200px;text-align:left\" >Verkaufspreis<\/th>\n<th ><\/th>\n<\/tr>\n<\/thead>\n<tbody>\r\n<tr><td  style=\"text-align:left\" >CHF 30<\/td>\n<td  style=\"text-align:left\" >CHF 25<\/td>\n<\/tr>\n\r\n<tr><td  style=\"text-align:left\" >CHF 55<\/td>\n<td  style=\"text-align:left\" >CHF 50<\/td>\n<\/tr>\n\r\n<tr><td  style=\"text-align:left\" >CHF 110<\/td>\n<td  style=\"text-align:left\" >CHF 100<\/td>\n<\/tr>\n<\/tbody><\/table><\/div>\n<p><strong><strong>LANGZEITPARKEN (1 EINFAHRT, 1 AUSFAHRT)<br \/>\n<\/strong><\/strong><\/p>\n<div class=\"table-responsive\"><table  style=\"width:550px; \"  class=\"easy-table easy-table-default \" border=\"0\">\n<thead>\r\n<tr><th  style=\"width:350px;text-align:left\" ><\/th>\n<th  style=\"width:100px;text-align:left\" ><\/th>\n<th  style=\"width:100px\" ><\/th>\n<th ><\/th>\n<\/tr>\n<\/thead>\n<tbody>\r\n<tr><td  style=\"text-align:left\" >Erster Tag<\/td>\n<td  style=\"text-align:left\" > CHF 50<\/td>\n<\/tr>\n\r\n<tr><td  style=\"text-align:left\" >Folgetage (pro Tag)<\/td>\n<td  style=\"text-align:left\" > CHF 30<\/td>\n<\/tr>\n<\/tbody><\/table><\/div>\nALLE UNSERE PREISE GELTEN AB DEM 1. JANUAR 2026 PRO FAHRZEUG UND SIND EINSCHLIESSLICH ALLER STEUERN.<br \/>\n<\/p><\/div>\n<h3 class=\"toggle\"><strong><a href=\"#\">Allgemeine Bedingungen<\/a><\/strong><\/h3><div class=\"toggle-box\" style=\"display: none;\"><p>\n<iframe loading=\"lazy\" src=\"https:\/\/docs.google.com\/viewer?url=https:\/\/www.parkgest.ch\/wp-content\/uploads\/EvolutionPlus_PEF_Conditions-generales_20250714_VF-nouvelle-adresse-mail-1.pdf&amp;embedded=true\" width=\"100%\" height=\"600\" frameborder=\"0\"><\/iframe><\/p>\n<p>Wenn Sie die Datei nicht richtig anzeigen, <a href=\"https:\/\/www.parkgest.ch\/wp-content\/uploads\/EvolutionPlus_PEF_Conditions-generales_20250714_VF-nouvelle-adresse-mail-1.pdf\" target=\"_blank\" rel=\"noopener noreferrer\">Klick hier<\/a><br \/>\n<\/p><\/div>\n<\/div>\n","protected":false},"excerpt":{"rendered":"<p>Willkommen auf dem Parkhaus Les Fabriques Das im Juli 2021 eingeweihte Parkhaus Les Fabriques ist eines der modernen und sicheren Parkh\u00e4user im Etang-Viertel. Das Parkhaus bietet gemeinschaftliche Parkpl\u00e4tze an, die nicht namentlich an Nutzer vergeben werden. Dies erm\u00f6glicht eine optimale Nutzung der Parkfl\u00e4chen. Das Parkhaus besteht aus drei Geschossen (-1, -2 &#038; -3), von denen [&hellip;]<\/p>\n","protected":false},"author":10,"featured_media":7500,"parent":1281,"menu_order":6,"comment_status":"closed","ping_status":"closed","template":"parkingpage.php","meta":{"footnotes":""},"tags":[],"yoast_head":"<!-- This site is optimized with the Yoast SEO plugin v21.8 - https:\/\/yoast.com\/wordpress\/plugins\/seo\/ -->\n<title>Parkhaus Les Fabriques | Parkgest<\/title>\n<meta name=\"robots\" content=\"index, follow, max-snippet:-1, max-image-preview:large, max-video-preview:-1\" \/>\n<link rel=\"canonical\" href=\"https:\/\/www.parkgest.ch\/de\/wo-man-parken\/parkhaus-les-fabriques\/\" \/>\n<meta property=\"og:locale\" content=\"de_DE\" \/>\n<meta property=\"og:type\" content=\"article\" \/>\n<meta property=\"og:title\" content=\"Parkhaus Les Fabriques | Parkgest\" \/>\n<meta property=\"og:description\" content=\"Willkommen auf dem Parkhaus Les Fabriques Das im Juli 2021 eingeweihte Parkhaus Les Fabriques ist eines der modernen und sicheren Parkh\u00e4user im Etang-Viertel. Das Parkhaus bietet gemeinschaftliche Parkpl\u00e4tze an, die nicht namentlich an Nutzer vergeben werden. Dies erm\u00f6glicht eine optimale Nutzung der Parkfl\u00e4chen. Das Parkhaus besteht aus drei Geschossen (-1, -2 &#038; -3), von denen [&hellip;]\" \/>\n<meta property=\"og:url\" content=\"https:\/\/www.parkgest.ch\/de\/wo-man-parken\/parkhaus-les-fabriques\/\" \/>\n<meta property=\"og:site_name\" content=\"Parkgest\" \/>\n<meta property=\"article:modified_time\" content=\"2026-03-03T07:40:51+00:00\" \/>\n<meta property=\"og:image\" content=\"https:\/\/www.parkgest.ch\/wp-content\/uploads\/1.png\" \/>\n\t<meta property=\"og:image:width\" content=\"1200\" \/>\n\t<meta property=\"og:image:height\" content=\"600\" \/>\n\t<meta property=\"og:image:type\" content=\"image\/png\" \/>\n<meta name=\"twitter:label1\" content=\"Gesch\u00e4tzte Lesezeit\" \/>\n\t<meta name=\"twitter:data1\" content=\"10\u00a0Minuten\" \/>\n<script type=\"application\/ld+json\" class=\"yoast-schema-graph\">{\"@context\":\"https:\/\/schema.org\",\"@graph\":[{\"@type\":\"WebPage\",\"@id\":\"https:\/\/www.parkgest.ch\/de\/wo-man-parken\/parkhaus-les-fabriques\/\",\"url\":\"https:\/\/www.parkgest.ch\/de\/wo-man-parken\/parkhaus-les-fabriques\/\",\"name\":\"Parkhaus Les Fabriques | Parkgest\",\"isPartOf\":{\"@id\":\"https:\/\/www.parkgest.ch\/#website\"},\"datePublished\":\"2022-09-20T07:34:05+00:00\",\"dateModified\":\"2026-03-03T07:40:51+00:00\",\"breadcrumb\":{\"@id\":\"https:\/\/www.parkgest.ch\/de\/wo-man-parken\/parkhaus-les-fabriques\/#breadcrumb\"},\"inLanguage\":\"de\",\"potentialAction\":[{\"@type\":\"ReadAction\",\"target\":[\"https:\/\/www.parkgest.ch\/de\/wo-man-parken\/parkhaus-les-fabriques\/\"]}]},{\"@type\":\"BreadcrumbList\",\"@id\":\"https:\/\/www.parkgest.ch\/de\/wo-man-parken\/parkhaus-les-fabriques\/#breadcrumb\",\"itemListElement\":[{\"@type\":\"ListItem\",\"position\":1,\"name\":\"Accueil\",\"item\":\"https:\/\/www.parkgest.ch\/de\/\"},{\"@type\":\"ListItem\",\"position\":2,\"name\":\"Wo kann ich parken?\",\"item\":\"https:\/\/www.parkgest.ch\/de\/wo-man-parken\/\"},{\"@type\":\"ListItem\",\"position\":3,\"name\":\"Parkhaus Les Fabriques\"}]},{\"@type\":\"WebSite\",\"@id\":\"https:\/\/www.parkgest.ch\/#website\",\"url\":\"https:\/\/www.parkgest.ch\/\",\"name\":\"Parkgest\",\"description\":\"R\u00e9seau de parkings \u00e0 Gen\u00e8ve et Suisse romande\",\"potentialAction\":[{\"@type\":\"SearchAction\",\"target\":{\"@type\":\"EntryPoint\",\"urlTemplate\":\"https:\/\/www.parkgest.ch\/?s={search_term_string}\"},\"query-input\":\"required name=search_term_string\"}],\"inLanguage\":\"de\"}]}<\/script>\n<!-- \/ Yoast SEO plugin. -->","yoast_head_json":{"title":"Parkhaus Les Fabriques | Parkgest","robots":{"index":"index","follow":"follow","max-snippet":"max-snippet:-1","max-image-preview":"max-image-preview:large","max-video-preview":"max-video-preview:-1"},"canonical":"https:\/\/www.parkgest.ch\/de\/wo-man-parken\/parkhaus-les-fabriques\/","og_locale":"de_DE","og_type":"article","og_title":"Parkhaus Les Fabriques | Parkgest","og_description":"Willkommen auf dem Parkhaus Les Fabriques Das im Juli 2021 eingeweihte Parkhaus Les Fabriques ist eines der modernen und sicheren Parkh\u00e4user im Etang-Viertel. Das Parkhaus bietet gemeinschaftliche Parkpl\u00e4tze an, die nicht namentlich an Nutzer vergeben werden. Dies erm\u00f6glicht eine optimale Nutzung der Parkfl\u00e4chen. Das Parkhaus besteht aus drei Geschossen (-1, -2 &#038; -3), von denen [&hellip;]","og_url":"https:\/\/www.parkgest.ch\/de\/wo-man-parken\/parkhaus-les-fabriques\/","og_site_name":"Parkgest","article_modified_time":"2026-03-03T07:40:51+00:00","og_image":[{"width":1200,"height":600,"url":"https:\/\/www.parkgest.ch\/wp-content\/uploads\/1.png","type":"image\/png"}],"twitter_misc":{"Gesch\u00e4tzte Lesezeit":"10\u00a0Minuten"},"schema":{"@context":"https:\/\/schema.org","@graph":[{"@type":"WebPage","@id":"https:\/\/www.parkgest.ch\/de\/wo-man-parken\/parkhaus-les-fabriques\/","url":"https:\/\/www.parkgest.ch\/de\/wo-man-parken\/parkhaus-les-fabriques\/","name":"Parkhaus Les Fabriques | Parkgest","isPartOf":{"@id":"https:\/\/www.parkgest.ch\/#website"},"datePublished":"2022-09-20T07:34:05+00:00","dateModified":"2026-03-03T07:40:51+00:00","breadcrumb":{"@id":"https:\/\/www.parkgest.ch\/de\/wo-man-parken\/parkhaus-les-fabriques\/#breadcrumb"},"inLanguage":"de","potentialAction":[{"@type":"ReadAction","target":["https:\/\/www.parkgest.ch\/de\/wo-man-parken\/parkhaus-les-fabriques\/"]}]},{"@type":"BreadcrumbList","@id":"https:\/\/www.parkgest.ch\/de\/wo-man-parken\/parkhaus-les-fabriques\/#breadcrumb","itemListElement":[{"@type":"ListItem","position":1,"name":"Accueil","item":"https:\/\/www.parkgest.ch\/de\/"},{"@type":"ListItem","position":2,"name":"Wo kann ich parken?","item":"https:\/\/www.parkgest.ch\/de\/wo-man-parken\/"},{"@type":"ListItem","position":3,"name":"Parkhaus Les Fabriques"}]},{"@type":"WebSite","@id":"https:\/\/www.parkgest.ch\/#website","url":"https:\/\/www.parkgest.ch\/","name":"Parkgest","description":"R\u00e9seau de parkings \u00e0 Gen\u00e8ve et Suisse romande","potentialAction":[{"@type":"SearchAction","target":{"@type":"EntryPoint","urlTemplate":"https:\/\/www.parkgest.ch\/?s={search_term_string}"},"query-input":"required name=search_term_string"}],"inLanguage":"de"}]}},"_links":{"self":[{"href":"https:\/\/www.parkgest.ch\/de\/wp-json\/wp\/v2\/pages\/8653"}],"collection":[{"href":"https:\/\/www.parkgest.ch\/de\/wp-json\/wp\/v2\/pages"}],"about":[{"href":"https:\/\/www.parkgest.ch\/de\/wp-json\/wp\/v2\/types\/page"}],"author":[{"embeddable":true,"href":"https:\/\/www.parkgest.ch\/de\/wp-json\/wp\/v2\/users\/10"}],"replies":[{"embeddable":true,"href":"https:\/\/www.parkgest.ch\/de\/wp-json\/wp\/v2\/comments?post=8653"}],"version-history":[{"count":37,"href":"https:\/\/www.parkgest.ch\/de\/wp-json\/wp\/v2\/pages\/8653\/revisions"}],"predecessor-version":[{"id":11314,"href":"https:\/\/www.parkgest.ch\/de\/wp-json\/wp\/v2\/pages\/8653\/revisions\/11314"}],"up":[{"embeddable":true,"href":"https:\/\/www.parkgest.ch\/de\/wp-json\/wp\/v2\/pages\/1281"}],"wp:featuredmedia":[{"embeddable":true,"href":"https:\/\/www.parkgest.ch\/de\/wp-json\/wp\/v2\/media\/7500"}],"wp:attachment":[{"href":"https:\/\/www.parkgest.ch\/de\/wp-json\/wp\/v2\/media?parent=8653"}],"wp:term":[{"taxonomy":"post_tag","embeddable":true,"href":"https:\/\/www.parkgest.ch\/de\/wp-json\/wp\/v2\/tags?post=8653"}],"curies":[{"name":"wp","href":"https:\/\/api.w.org\/{rel}","templated":true}]}}